{"id":65343,"date":"2019-08-17T19:35:02","date_gmt":"2019-08-17T17:35:02","guid":{"rendered":"https:\/\/mellos1986.com\/lhistoire-de-la-marque-mellos\/"},"modified":"2026-08-30T12:41:18","modified_gmt":"2026-08-30T10:41:18","slug":"lhistoire-de-la-marque-mellos","status":"publish","type":"page","link":"https:\/\/mellos1986.com\/fr\/lhistoire-de-la-marque-mellos\/","title":{"rendered":"L\u2019histoire de la Marque Mello\u2019s"},"content":{"rendered":"\t\t<div data-elementor-type=\"wp-page\" data-elementor-id=\"65343\" class=\"elementor elementor-65343 elementor-65120 elementor-bc-flex-widget\">\n\t\t\t\t<div class=\"elementor-element elementor-element-5a39995 e-con e-atomic-element e-flexbox-base e-a647887 \" data-id=\"5a39995\" data-element_type=\"e-flexbox\" data-e-type=\"e-flexbox\" data-interaction-id=\"5a39995\">\n    <div class=\"elementor-element elementor-element-346dd5a e-con e-atomic-element e-flexbox-base e-f466cf5 \" data-id=\"346dd5a\" data-element_type=\"e-flexbox\" data-e-type=\"e-flexbox\" data-interaction-id=\"346dd5a\">\n    \t\t<div class=\"elementor-element elementor-element-9d5e2c0 elementor-widget elementor-widget-text-editor\" data-id=\"9d5e2c0\" data-element_type=\"widget\" data-e-type=\"widget\" data-widget_type=\"text-editor.default\">\n\t\t\t\t\t\t\t\t\t<h1>L\u2019histoire de la Marque Mello\u2019s<\/h1>\t\t\t\t\t\t\t\t<\/div>\n\t\t\n<\/div>\n\n<\/div>\n<div class=\"elementor-element elementor-element-f2cbb9e e-con e-atomic-element e-flexbox-base e-0944718 \" data-id=\"f2cbb9e\" data-element_type=\"e-flexbox\" data-e-type=\"e-flexbox\" data-interaction-id=\"f2cbb9e\">\n    <div class=\"elementor-element elementor-element-2a2371d e-con e-atomic-element e-flexbox-base e-abc91de \" data-id=\"2a2371d\" data-element_type=\"e-flexbox\" data-e-type=\"e-flexbox\" data-interaction-id=\"2a2371d\">\n    \t\t<div class=\"elementor-element elementor-element-5cb984a elementor-widget elementor-widget-text-editor\" data-id=\"5cb984a\" data-element_type=\"widget\" data-e-type=\"widget\" data-widget_type=\"text-editor.default\">\n\t\t\t\t\t\t\t\t\t<img fetchpriority=\"high\" decoding=\"async\" class=\"wp-image-15572 alignleft\" src=\"https:\/\/mellos1986.com\/wp-content\/uploads\/2016\/08\/mellos_storia_1.jpg\" alt=\"\" width=\"494\" height=\"385\" srcset=\"https:\/\/mellos1986.com\/wp-content\/uploads\/2016\/08\/mellos_storia_1.jpg 450w, https:\/\/mellos1986.com\/wp-content\/uploads\/2016\/08\/mellos_storia_1-416x324.jpg 416w, https:\/\/mellos1986.com\/wp-content\/uploads\/2016\/08\/mellos_storia_1-300x233.jpg 300w\" sizes=\"(max-width: 494px) 100vw, 494px\" \/>\r\n\r\nC\u2019est en 1986 que la marque <strong>Mello\u2019s<\/strong> est n\u00e9e. Le nom nous ram\u00e8ne au <strong>Val di Mello<\/strong>, une vall\u00e9e situ\u00e9e au c\u0153ur de la Valteline, c\u00e9l\u00e8bre dans le monde entier pour ses attraits environnementaux, pour la richesse des itin\u00e9raires de randonn\u00e9e et surtout pour les voies d&rsquo;escalade au point de se faire appeler le \u00ab\u00a0petit Yosemite\u00a0\u00bb.\r\n\r\nLe premier logo historique de <strong>Mello&rsquo;s<\/strong> (le \u00ab\u00a0<strong>grand visage<\/strong>\u00ab\u00a0) est tir\u00e9 du clich\u00e9 photographique qui repr\u00e9sente un grimpeur c\u00e9l\u00e8bre avec un papillon \u00e0 la main et qui exprime la relation idyllique entre les grimpeurs et la nature dans une langue unique et irr\u00e9sistiblement romantique.\r\n\r\nAvec cette marque, une premi\u00e8re production de v\u00eatements d\u00e9di\u00e9s \u00e0 l&rsquo;escalade est cr\u00e9\u00e9e puis plus technique pour l&rsquo;alpinisme et les activit\u00e9s outdoor en g\u00e9n\u00e9ral.\r\n\r\nIl n&rsquo;a pas fallu longtemps \u00e0 la marque pour s&rsquo;imposer dans le secteur au niveau international, accompagnant de grandes personnalit\u00e9s de la montagne dans leurs entreprises de 0 \u00e0 8000 m\u00e8tres.\r\n\r\nLes collections <strong>Mello&rsquo;s<\/strong>, aujourd&rsquo;hui comme alors, profitent des meilleurs tissus disponibles sur le march\u00e9 et les v\u00eatements sont mod\u00e9lis\u00e9s pour offrir un soutien maximal et un confort in\u00e9gal\u00e9 lors des activit\u00e9s de plein air.\r\n\r\nUne aide aux petits et grands projets d&rsquo;aventure o\u00f9 fiabilit\u00e9, s\u00e9curit\u00e9, confort et r\u00e9sistance ne sont pas une option mais une n\u00e9cessit\u00e9.\r\n\r\nLes v\u00eatements <strong>Mello&rsquo;s<\/strong> sont en effet con\u00e7us pour les sportifs et pour les sportifs qui, pour le travail et la passion, passent beaucoup de temps en montagne et n\u2019acceptent pas les compromis en termes de performances.\r\n\r\nTout cela, bien s\u00fbr, en combinant la technique avec son propre ADN stylistique unique et appr\u00e9ci\u00e9.\r\n<h2 style=\"text-align: center\"><span style=\"font-size: 24px\">Les origines<\/span><\/h2>\r\nLorsque l&rsquo;homme \u00e9tait loin de faire son apparition sur la plan\u00e8te, les ph\u00e9nom\u00e8nes de subduction des plaques tectoniques ont cr\u00e9\u00e9 de gigantesques gouttes de magma acide pr\u00e8s du manteau terrestre, claires, fluides et plus l\u00e9g\u00e8res que les basaltes qui les entouraient. Ces gouttes ont \u00e9t\u00e9 pouss\u00e9es vers le haut par la force d&rsquo;Archim\u00e8de et se sont rapidement solidifi\u00e9es en granit dur et compact.\r\n\r\nL&rsquo;une de ces gouttes a \u00e9merg\u00e9 des profondeurs de la Terre entre la Californie et le Nevada. Les glaciers, les rivi\u00e8res et les agents exog\u00e8nes ont fa\u00e7onn\u00e9 la masse gris\u00e2tre cr\u00e9ant la vall\u00e9e de Yosemite. Une autre goutte, form\u00e9e plusieurs millions d&rsquo;ann\u00e9es plus tard et \u00e0 plusieurs milliers de kilom\u00e8tres, est apparue entre la province de Sondrio et la Suisse et les sommets du Masino-Bregaglia et sa plus c\u00e9l\u00e8bre vall\u00e9e lat\u00e9rale, le <strong>Val di Mello<\/strong>, y ont \u00e9t\u00e9 sculpt\u00e9s .\r\n\r\nPuis, bien plus tard, l&rsquo;homme est venu, qui dans ces endroits aiguis\u00e9 son ing\u00e9niosit\u00e9 pour obtenir le soutien de lieux d&rsquo;une beaut\u00e9 \u00e9tonnante et inhospitali\u00e8re. Plus tard encore, l&rsquo;homme moderne, qui n&rsquo;est plus min\u00e9 par le probl\u00e8me de la nourriture, a compris ce qui suscite la peur, comme la verticalit\u00e9 des murs de Yosemite et du Val di Mello, comme un d\u00e9fi plut\u00f4t qu&rsquo;une invitation \u00e0 la m\u00e9fiance. Commence alors une course pour \u00abconqu\u00e9rir l&rsquo;inutile\u00bb.\r\n\r\nDans les ann\u00e9es 1950, de jeunes grimpeurs am\u00e9ricains ont tent\u00e9 les ascensions extr\u00eamement difficiles sur les grands murs inviol\u00e9s de Yosemite avec l&rsquo;utilisation et l&rsquo;abus de techniques artificielles. Une fois tous les murs principaux conquis, ce premier courant s&rsquo;est in\u00e9vitablement \u00e9puis\u00e9 et a \u00e9t\u00e9 remplac\u00e9, \u00e0 partir des ann\u00e9es 70, par les Stonemasters, ou grimpeurs repr\u00e9sentant une contre-culture caract\u00e9ris\u00e9e par une nouvelle approche de la montagne. Les murs ont \u00e9t\u00e9 escalad\u00e9s en escalade libre en qu\u00eate de libert\u00e9 dans un esprit mystique de fusion avec la nature d&rsquo;une vall\u00e9e non contamin\u00e9e. Une approche en contraste frappant avec l&rsquo;h\u00e9ro\u00efsme et le d\u00e9fi brutal \u00e0 la montagne qui avait marqu\u00e9 l&rsquo;alpinisme jusque-l\u00e0.\r\n\r\n\u00c0 la fin des ann\u00e9es 1970, un mouvement similaire \u00e0 celui des ma\u00eetres de pierre a affect\u00e9 le <strong>Val di Mello<\/strong>. Au d\u00e9part, les jeunes se sont concentr\u00e9s sur les pierres du fond de la vall\u00e9e pour affiner leur technique, mais aussi pour \u00ab\u00a0d\u00e9mystifier les grands murs\u00a0\u00bb et les hauts sommets, seuls objectifs jug\u00e9s dignes de l&rsquo;alpinisme classique. Ces jeunes \u00e9taient invisibles \u00e0 ce monde conformiste de la montagne qui, ignorant d&rsquo;\u00eatre devant une r\u00e9volution d&rsquo;\u00e9poque, avec celia les apostrophisait comme des \u00ab\u00a0saxistes\u00a0\u00bb, puis devant capituler avec \u00e9tonnement d&rsquo;abord devant les conqu\u00eates des parois inviol\u00e9es de la vall\u00e9e, puis aux r\u00e9p\u00e9titions sans les moyens artificiels et la vitesse des routes classiques de haute montagne et enfin le tra\u00e7age de nouveaux itin\u00e9raires de difficult\u00e9 extr\u00eame affront\u00e9s sans rh\u00e9torique et dans une tentative de laisser les structures juste mont\u00e9es intactes et propres.\r\n\r\nL&rsquo;\u00e9quipement des saxistes \u00e9tait nouveau: des chaussures l\u00e9g\u00e8res \u00e0 semelles lisses avaient remplac\u00e9 les bottes lourdes et maladroites, l&rsquo;\u00e9crou et l&rsquo;ami avaient remplac\u00e9 les clous. Mais pas seulement: m\u00eame les v\u00eatements de ces jeunes \u00e9taient diff\u00e9rents et transmettaient ce sentiment de non-conformit\u00e9 et de l\u00e9g\u00e8ret\u00e9 typique du mouvement de la pierre.\r\n\r\nC&rsquo;est dans ce grand ferment qu&rsquo;est n\u00e9e la marque Mello&rsquo;s, clairement li\u00e9e \u00e0 la libert\u00e9 et \u00e0 l&rsquo;innovation qui ont investi la vall\u00e9e dont elle tire son nom. La c\u00e9l\u00e8bre photographie de <strong>Jacopo Merizzi<\/strong>, qui repr\u00e9sente le p\u00e8re du saxisme <strong>Ivan Guerini<\/strong> d\u00e9termin\u00e9 \u00e0 dialoguer avec le papillon qui a atterri sur l&rsquo;index de la main, a donc inspir\u00e9 le logo du <strong>Mello&rsquo;s<\/strong> ainsi qu&rsquo;un symbole de \u00ab\u00a0l&rsquo;environnementalisme sportif\u00a0\u00bb de ces ann\u00e9es.\r\n<h2 style=\"text-align: center\">Val di Mello pour les sportifs<\/h2>\r\nUne rainure dans le granit qui de San Martino Valmasino va \u00e0 ENE sur 9 km vers le ciel, jusqu&rsquo;au sommet du mont Pioda (3441 m): c&rsquo;est le<strong> Val di Mello<\/strong>, r\u00e9serve naturelle depuis 2009.\r\n\r\nLe fond de vall\u00e9e placide baign\u00e9 par la rivi\u00e8re Mello, destination de la plus classique des promenades et parsem\u00e9 de rochers erratiques utilis\u00e9s pour le bloc, est entour\u00e9 d&rsquo;une imposante ceinture rocheuse sur laquelle des structures d&rsquo;escalade tr\u00e8s int\u00e9ressantes ont \u00e9t\u00e9 identifi\u00e9es (<strong>Precipizio degli Asteroidi<\/strong>, <strong>La Montgolfi\u00e8re<\/strong>, le <strong>Scoglio della Metamorfosi<\/strong>, le <strong>Pappagallo<\/strong>, <strong>Le Dimore degli Dei<\/strong> &#8230;) et sur lesquels se d\u00e9roulent des itin\u00e9raires rock mythiques, dont le c\u00e9l\u00e8bre <strong>Luna Nascente<\/strong>, <strong>Il Risveglio di Kundalini<\/strong>, <strong>Nuova Dimensione<\/strong> (le premier parcours du VIIe degr\u00e9 en Italie), <strong>Oceano Irrazionale<\/strong>, <strong>Cristalli di Polvere<\/strong> (la premi\u00e8re voie de grade VIII dans la vall\u00e9e),\u2026\r\n\r\nPlus haut, les vall\u00e9es lat\u00e9rales se d\u00e9veloppent, suspendues par l&rsquo;action des glaciers quaternaires et ray\u00e9es par des voies navigables claires et scintillantes rompues par des cascades suggestives, principalement celles de Ferro et Zocca.\r\n\r\nLes vall\u00e9es du sud (<strong>Romilla<\/strong>, <strong>Temola<\/strong>, <strong>Mezzola<\/strong> et <strong>Arcanzolo<\/strong>) ne sont pas librement accessibles car il y a cette partie de la r\u00e9serve appel\u00e9e \u00ab\u00a0int\u00e9grale\u00a0\u00bb, tandis que les cinq vall\u00e9es du nord sont une destination populaire pour les randonneurs: <strong>Val del Ferro<\/strong>, <strong>Val Qualido<\/strong>, <strong>Val di Zocca<\/strong> , <strong>Val Torrone<\/strong> et <strong>Val Cameraccio<\/strong>.\r\n\r\nCes vall\u00e9es sont travers\u00e9es par le <strong>Sentiero Roma<\/strong> qui relie Novate Mezzola \u00e0 Valchiavenna \u00e0 Chiesa in Valmalenco avec 5 \u00e9tapes, 65 km, 4700 m\u00e8tres de d\u00e9nivel\u00e9 positif, 300 m\u00e8tres de cha\u00eenes, 8 cols et une altitude maximale de 2950 m. Il <strong>Sentiero Roma<\/strong> est le l&rsquo;itin\u00e9raire de randonn\u00e9e le plus exigeant et le plus c\u00e9l\u00e8bre des Alpes centrales et est le point d&rsquo;appui, tous les deux ans, de l&rsquo;une des plus belles courses de course en montagne des Alpes: le <strong>troph\u00e9e Kima<\/strong>. C&rsquo;est un parcours de 52 km avec 4200 m de d\u00e9nivel\u00e9 qui traverse 7 cols tous sup\u00e9rieurs \u00e0 2500 m et qui arbore la signature des plus grands champions de la sp\u00e9cialit\u00e9 au babillard d&rsquo;or.\r\n\r\nDans la pertinence du <strong>Val di Mello<\/strong>, la seule structure g\u00e9r\u00e9e en altitude est le refuge Allievi Bonacossa dans le haut <strong>Val di Zocca<\/strong>, mais pour faciliter randonneurs et alpinistes, le bivouac Molteni-Valsecchi \u00e0 <strong>Val del Ferro<\/strong>, le bivouac Manzi \u00e0 val Nougat et le bivouac de Kima \u00e0 <strong>Val Cameraccio<\/strong>.\r\n\r\nL&rsquo;alpinisme dans le <strong>Val di Mello<\/strong> est destin\u00e9 aux sommets \u00e9lev\u00e9s, tels que ceux de la <strong>c\u00f4te de Cameraccio<\/strong>, la <strong>dentelle de Torrone<\/strong>, le <strong>pic de Luigi Amedeo<\/strong>, le <strong>pic de Rasica<\/strong>, le <strong>pic de Castello<\/strong>, le <strong>pic de Zocca<\/strong> ou la <strong>dentelle de Ferro<\/strong>, o\u00f9 \u00e0 c\u00f4t\u00e9 aux itin\u00e9raires classiques &#8211; devenus tr\u00e8s difficiles apr\u00e8s le retrait des glaciers &#8211; les itin\u00e9raires modernes se caract\u00e9risent malheureusement de plus en plus par l&rsquo;abus de boulons qui prive sans rel\u00e2che les nouveaux grimpeurs de la possibilit\u00e9 de trouver, en plus d&rsquo;un banc d&rsquo;essai pour leurs muscles et pour sa propre technique, m\u00eame ce sens de l&rsquo;aventure dont il pouvait b\u00e9n\u00e9ficier jusqu&rsquo;\u00e0 il y a quelques ann\u00e9es.\r\n\r\nSi au printemps et en \u00e9t\u00e9 le <strong>Val di Mello<\/strong> est litt\u00e9ralement pris d&rsquo;assaut par les touristes, l&rsquo;afflux de touristes diminue en automne lorsque le spectacle naturel augmente et les murs de granit sont bord\u00e9s par les nuances les plus brillantes et les flancs des montagnes sont color\u00e9s de diff\u00e9rentes couleurs. Le h\u00eatre, l&rsquo;une des essences les plus r\u00e9pandues avec des sp\u00e9cimens monumentaux, transforme la couleur de ses feuilles d&rsquo;un jaune-orange fan\u00e9 \u00e0 un rouge rouill\u00e9 quand il raccourcit, puis se d\u00e9shabille et se pr\u00e9sente nue en hiver.\r\n\r\nPendant la saison froide, la tranquillit\u00e9 est garantie: il n&rsquo;y a pas beaucoup de randonneurs et d&rsquo;alpinistes qui entrent dans le <strong>Val di Mello<\/strong>, \u00e9galement \u00e0 cause du soleil court. La neige, la glace et le gel ont une longue vie ici. Le froid, cependant, n&rsquo;est pas seulement un \u00e9l\u00e9ment n\u00e9gatif, au contraire. De nombreuses cascades de glace se forment sur les grands murs o\u00f9 les passionn\u00e9s de l&rsquo;\u00e9ph\u00e9m\u00e8re se lancent dans des ascensions \u00e0 couper le souffle. En revanche, tr\u00e8s peu de alpinistes sont vus, d\u00e9courag\u00e9s par de longues approches avec des skis sur les \u00e9paules et ignorant que c&rsquo;est le prix modeste \u00e0 payer pour tracer leurs pistes sur certaines des plus belles pistes des Alpes.\t\t\t\t\t\t\t\t<\/div>\n\t\t\n<\/div>\n\n<\/div>\n\t\t<\/div>\n\t\t","protected":false},"excerpt":{"rendered":"<p>L\u2019histoire de la Marque Mello\u2019s C\u2019est en 1986 que la marque Mello\u2019s est n\u00e9e. Le nom nous ram\u00e8ne au Val di Mello, une vall\u00e9e situ\u00e9e au c\u0153ur de la Valteline, c\u00e9l\u00e8bre dans le monde entier pour ses attraits environnementaux, pour la richesse des itin\u00e9raires de randonn\u00e9e et surtout pour les voies d&rsquo;escalade au point de [&hellip;]<\/p>\n","protected":false},"author":13,"featured_media":0,"parent":0,"menu_order":0,"comment_status":"closed","ping_status":"closed","template":"","meta":{"content-type":"","_uf_show_specific_survey":0,"_uf_disable_surveys":false,"footnotes":""},"class_list":["post-65343","page","type-page","status-publish","hentry"],"blocksy_meta":{"styles_descriptor":{"styles":{"desktop":"","tablet":"","mobile":""},"google_fonts":[],"version":7}},"aioseo_notices":[],"aioseo_head":"\n\t\t<!-- All in One SEO 5.0.1.1 - aioseo.com -->\n\t<meta name=\"description\" content=\"L\u2019histoire de la Marque Mello\u2019s C\u2019est en 1986 que la marque Mello\u2019s est n\u00e9e. Le nom nous ram\u00e8ne au Val di Mello, une vall\u00e9e situ\u00e9e au c\u0153ur de la Valteline, c\u00e9l\u00e8bre dans le monde entier pour ses attraits environnementaux, pour la richesse des itin\u00e9raires de randonn\u00e9e et surtout pour les voies d\u2019escalade au point de\" \/>\n\t<meta name=\"robots\" content=\"max-image-preview:large\" \/>\n\t<link rel=\"canonical\" href=\"https:\/\/mellos1986.com\/fr\/lhistoire-de-la-marque-mellos\/\" \/>\n\t<meta name=\"generator\" content=\"All in One SEO (AIOSEO) 5.0.1.1\" \/>\n\t\t<meta property=\"og:locale\" content=\"fr_FR\" \/>\n\t\t<meta property=\"og:site_name\" content=\"V\u00eatements de sport Outdoor | Mello&#039;s | V\u00eatements techniques de sports de montagne\" \/>\n\t\t<meta property=\"og:type\" content=\"article\" \/>\n\t\t<meta property=\"og:title\" content=\"L\u2019histoire de la Marque Mello\u2019s | V\u00eatements de sport Outdoor | Mello&#039;s\" \/>\n\t\t<meta property=\"og:description\" content=\"L\u2019histoire de la Marque Mello\u2019s C\u2019est en 1986 que la marque Mello\u2019s est n\u00e9e. Le nom nous ram\u00e8ne au Val di Mello, une vall\u00e9e situ\u00e9e au c\u0153ur de la Valteline, c\u00e9l\u00e8bre dans le monde entier pour ses attraits environnementaux, pour la richesse des itin\u00e9raires de randonn\u00e9e et surtout pour les voies d\u2019escalade au point de\" \/>\n\t\t<meta property=\"og:url\" content=\"https:\/\/mellos1986.com\/fr\/lhistoire-de-la-marque-mellos\/\" \/>\n\t\t<meta property=\"og:image\" content=\"https:\/\/mellos1986.com\/wp-content\/uploads\/2023\/06\/logo-nero-mellos.png?wsr\" \/>\n\t\t<meta property=\"og:image:secure_url\" content=\"https:\/\/mellos1986.com\/wp-content\/uploads\/2023\/06\/logo-nero-mellos.png?wsr\" \/>\n\t\t<meta property=\"og:image:width\" content=\"300\" \/>\n\t\t<meta property=\"og:image:height\" content=\"87\" \/>\n\t\t<meta property=\"article:published_time\" content=\"2019-08-17T17:35:02+00:00\" \/>\n\t\t<meta property=\"article:modified_time\" content=\"2026-08-30T10:41:18+00:00\" \/>\n\t\t<meta property=\"article:publisher\" content=\"https:\/\/www.facebook.com\/mellosbutterfly\" \/>\n\t\t<meta name=\"twitter:card\" content=\"summary_large_image\" \/>\n\t\t<meta name=\"twitter:site\" content=\"@MELLOSBUTTERFLY\" \/>\n\t\t<meta name=\"twitter:title\" content=\"L\u2019histoire de la Marque Mello\u2019s | V\u00eatements de sport Outdoor | Mello&#039;s\" \/>\n\t\t<meta name=\"twitter:description\" content=\"L\u2019histoire de la Marque Mello\u2019s C\u2019est en 1986 que la marque Mello\u2019s est n\u00e9e. Le nom nous ram\u00e8ne au Val di Mello, une vall\u00e9e situ\u00e9e au c\u0153ur de la Valteline, c\u00e9l\u00e8bre dans le monde entier pour ses attraits environnementaux, pour la richesse des itin\u00e9raires de randonn\u00e9e et surtout pour les voies d\u2019escalade au point de\" \/>\n\t\t<meta name=\"twitter:creator\" content=\"@MELLOSBUTTERFLY\" \/>\n\t\t<meta name=\"twitter:image\" content=\"https:\/\/mellos1986.com\/wp-content\/uploads\/2023\/06\/logo-nero-mellos.png?wsr\" \/>\n\t\t<script type=\"application\/ld+json\" class=\"aioseo-schema\">\n\t\t\t{\"@context\":\"https:\\\/\\\/schema.org\",\"@graph\":[{\"@type\":\"BreadcrumbList\",\"@id\":\"https:\\\/\\\/mellos1986.com\\\/fr\\\/lhistoire-de-la-marque-mellos\\\/#breadcrumblist\",\"itemListElement\":[{\"@type\":\"ListItem\",\"@id\":\"https:\\\/\\\/mellos1986.com\\\/fr\\\/#listItem\",\"position\":1,\"name\":\"Home\",\"item\":\"https:\\\/\\\/mellos1986.com\\\/fr\\\/\",\"nextItem\":{\"@type\":\"ListItem\",\"@id\":\"https:\\\/\\\/mellos1986.com\\\/fr\\\/lhistoire-de-la-marque-mellos\\\/#listItem\",\"name\":\"L\\u2019histoire de la Marque Mello\\u2019s\"}},{\"@type\":\"ListItem\",\"@id\":\"https:\\\/\\\/mellos1986.com\\\/fr\\\/lhistoire-de-la-marque-mellos\\\/#listItem\",\"position\":2,\"name\":\"L\\u2019histoire de la Marque Mello\\u2019s\",\"previousItem\":{\"@type\":\"ListItem\",\"@id\":\"https:\\\/\\\/mellos1986.com\\\/fr\\\/#listItem\",\"name\":\"Home\"}}]},{\"@type\":\"Organization\",\"@id\":\"https:\\\/\\\/mellos1986.com\\\/fr\\\/#organization\",\"name\":\"Mello's\",\"description\":\"Abbigliamento tecnico sportivo da montagna Made in Italy dal 1986.\",\"url\":\"https:\\\/\\\/mellos1986.com\\\/fr\\\/\",\"foundingDate\":\"1986-01-01\",\"numberOfEmployees\":{\"@type\":\"QuantitativeValue\",\"minValue\":0,\"maxValue\":9},\"logo\":{\"@type\":\"ImageObject\",\"url\":\"https:\\\/\\\/mellos1986.com\\\/wp-content\\\/uploads\\\/2023\\\/06\\\/logo-nero-mellos.png?wsr\",\"@id\":\"https:\\\/\\\/mellos1986.com\\\/fr\\\/lhistoire-de-la-marque-mellos\\\/#organizationLogo\",\"width\":300,\"height\":87,\"caption\":\"Logo Mello's\"},\"image\":{\"@id\":\"https:\\\/\\\/mellos1986.com\\\/fr\\\/lhistoire-de-la-marque-mellos\\\/#organizationLogo\"},\"sameAs\":[\"https:\\\/\\\/www.facebook.com\\\/mellosbutterfly\",\"https:\\\/\\\/x.com\\\/MELLOSBUTTERFLY\",\"https:\\\/\\\/www.instagram.com\\\/mellos_butterfly\\\/\"]},{\"@type\":\"WebPage\",\"@id\":\"https:\\\/\\\/mellos1986.com\\\/fr\\\/lhistoire-de-la-marque-mellos\\\/#webpage\",\"url\":\"https:\\\/\\\/mellos1986.com\\\/fr\\\/lhistoire-de-la-marque-mellos\\\/\",\"name\":\"L\\u2019histoire de la Marque Mello\\u2019s | V\\u00eatements de sport Outdoor | Mello's\",\"description\":\"L\\u2019histoire de la Marque Mello\\u2019s C\\u2019est en 1986 que la marque Mello\\u2019s est n\\u00e9e. Le nom nous ram\\u00e8ne au Val di Mello, une vall\\u00e9e situ\\u00e9e au c\\u0153ur de la Valteline, c\\u00e9l\\u00e8bre dans le monde entier pour ses attraits environnementaux, pour la richesse des itin\\u00e9raires de randonn\\u00e9e et surtout pour les voies d\\u2019escalade au point de\",\"inLanguage\":\"fr-FR\",\"isPartOf\":{\"@id\":\"https:\\\/\\\/mellos1986.com\\\/fr\\\/#website\"},\"breadcrumb\":{\"@id\":\"https:\\\/\\\/mellos1986.com\\\/fr\\\/lhistoire-de-la-marque-mellos\\\/#breadcrumblist\"},\"datePublished\":\"2019-08-17T19:35:02+02:00\",\"dateModified\":\"2026-08-30T12:41:18+02:00\"},{\"@type\":\"WebSite\",\"@id\":\"https:\\\/\\\/mellos1986.com\\\/fr\\\/#website\",\"url\":\"https:\\\/\\\/mellos1986.com\\\/fr\\\/\",\"name\":\"V\\u00eatements de sport Outdoor | Mello's\",\"description\":\"V\\u00eatements techniques de sports de montagne\",\"inLanguage\":\"fr-FR\",\"publisher\":{\"@id\":\"https:\\\/\\\/mellos1986.com\\\/fr\\\/#organization\"}}]}\n\t\t<\/script>\n\t\t<!-- All in One SEO -->\n\n","aioseo_head_json":{"title":"L\u2019histoire de la Marque Mello\u2019s | V\u00eatements de sport Outdoor | Mello's","description":"L\u2019histoire de la Marque Mello\u2019s C\u2019est en 1986 que la marque Mello\u2019s est n\u00e9e. Le nom nous ram\u00e8ne au Val di Mello, une vall\u00e9e situ\u00e9e au c\u0153ur de la Valteline, c\u00e9l\u00e8bre dans le monde entier pour ses attraits environnementaux, pour la richesse des itin\u00e9raires de randonn\u00e9e et surtout pour les voies d\u2019escalade au point de","canonical_url":"https:\/\/mellos1986.com\/fr\/lhistoire-de-la-marque-mellos\/","robots":"max-image-preview:large","keywords":"","webmasterTools":{"miscellaneous":""},"schema":{"@context":"https:\/\/schema.org","@graph":[{"@type":"BreadcrumbList","@id":"https:\/\/mellos1986.com\/fr\/lhistoire-de-la-marque-mellos\/#breadcrumblist","itemListElement":[{"@type":"ListItem","@id":"https:\/\/mellos1986.com\/fr\/#listItem","position":1,"name":"Home","item":"https:\/\/mellos1986.com\/fr\/","nextItem":{"@type":"ListItem","@id":"https:\/\/mellos1986.com\/fr\/lhistoire-de-la-marque-mellos\/#listItem","name":"L\u2019histoire de la Marque Mello\u2019s"}},{"@type":"ListItem","@id":"https:\/\/mellos1986.com\/fr\/lhistoire-de-la-marque-mellos\/#listItem","position":2,"name":"L\u2019histoire de la Marque Mello\u2019s","previousItem":{"@type":"ListItem","@id":"https:\/\/mellos1986.com\/fr\/#listItem","name":"Home"}}]},{"@type":"Organization","@id":"https:\/\/mellos1986.com\/fr\/#organization","name":"Mello's","description":"Abbigliamento tecnico sportivo da montagna Made in Italy dal 1986.","url":"https:\/\/mellos1986.com\/fr\/","foundingDate":"1986-01-01","numberOfEmployees":{"@type":"QuantitativeValue","minValue":0,"maxValue":9},"logo":{"@type":"ImageObject","url":"https:\/\/mellos1986.com\/wp-content\/uploads\/2023\/06\/logo-nero-mellos.png?wsr","@id":"https:\/\/mellos1986.com\/fr\/lhistoire-de-la-marque-mellos\/#organizationLogo","width":300,"height":87,"caption":"Logo Mello's"},"image":{"@id":"https:\/\/mellos1986.com\/fr\/lhistoire-de-la-marque-mellos\/#organizationLogo"},"sameAs":["https:\/\/www.facebook.com\/mellosbutterfly","https:\/\/x.com\/MELLOSBUTTERFLY","https:\/\/www.instagram.com\/mellos_butterfly\/"]},{"@type":"WebPage","@id":"https:\/\/mellos1986.com\/fr\/lhistoire-de-la-marque-mellos\/#webpage","url":"https:\/\/mellos1986.com\/fr\/lhistoire-de-la-marque-mellos\/","name":"L\u2019histoire de la Marque Mello\u2019s | V\u00eatements de sport Outdoor | Mello's","description":"L\u2019histoire de la Marque Mello\u2019s C\u2019est en 1986 que la marque Mello\u2019s est n\u00e9e. Le nom nous ram\u00e8ne au Val di Mello, une vall\u00e9e situ\u00e9e au c\u0153ur de la Valteline, c\u00e9l\u00e8bre dans le monde entier pour ses attraits environnementaux, pour la richesse des itin\u00e9raires de randonn\u00e9e et surtout pour les voies d\u2019escalade au point de","inLanguage":"fr-FR","isPartOf":{"@id":"https:\/\/mellos1986.com\/fr\/#website"},"breadcrumb":{"@id":"https:\/\/mellos1986.com\/fr\/lhistoire-de-la-marque-mellos\/#breadcrumblist"},"datePublished":"2019-08-17T19:35:02+02:00","dateModified":"2026-08-30T12:41:18+02:00"},{"@type":"WebSite","@id":"https:\/\/mellos1986.com\/fr\/#website","url":"https:\/\/mellos1986.com\/fr\/","name":"V\u00eatements de sport Outdoor | Mello's","description":"V\u00eatements techniques de sports de montagne","inLanguage":"fr-FR","publisher":{"@id":"https:\/\/mellos1986.com\/fr\/#organization"}}]},"og:locale":"fr_FR","og:site_name":"V\u00eatements de sport Outdoor | Mello's | V\u00eatements techniques de sports de montagne","og:type":"article","og:title":"L\u2019histoire de la Marque Mello\u2019s | V\u00eatements de sport Outdoor | Mello's","og:description":"L\u2019histoire de la Marque Mello\u2019s C\u2019est en 1986 que la marque Mello\u2019s est n\u00e9e. Le nom nous ram\u00e8ne au Val di Mello, une vall\u00e9e situ\u00e9e au c\u0153ur de la Valteline, c\u00e9l\u00e8bre dans le monde entier pour ses attraits environnementaux, pour la richesse des itin\u00e9raires de randonn\u00e9e et surtout pour les voies d\u2019escalade au point de","og:url":"https:\/\/mellos1986.com\/fr\/lhistoire-de-la-marque-mellos\/","og:image":"https:\/\/mellos1986.com\/wp-content\/uploads\/2023\/06\/logo-nero-mellos.png?wsr","og:image:secure_url":"https:\/\/mellos1986.com\/wp-content\/uploads\/2023\/06\/logo-nero-mellos.png?wsr","og:image:width":300,"og:image:height":87,"article:published_time":"2019-08-17T17:35:02+00:00","article:modified_time":"2026-08-30T10:41:18+00:00","article:publisher":"https:\/\/www.facebook.com\/mellosbutterfly","twitter:card":"summary_large_image","twitter:site":"@MELLOSBUTTERFLY","twitter:title":"L\u2019histoire de la Marque Mello\u2019s | V\u00eatements de sport Outdoor | Mello's","twitter:description":"L\u2019histoire de la Marque Mello\u2019s C\u2019est en 1986 que la marque Mello\u2019s est n\u00e9e. Le nom nous ram\u00e8ne au Val di Mello, une vall\u00e9e situ\u00e9e au c\u0153ur de la Valteline, c\u00e9l\u00e8bre dans le monde entier pour ses attraits environnementaux, pour la richesse des itin\u00e9raires de randonn\u00e9e et surtout pour les voies d\u2019escalade au point de","twitter:creator":"@MELLOSBUTTERFLY","twitter:image":"https:\/\/mellos1986.com\/wp-content\/uploads\/2023\/06\/logo-nero-mellos.png?wsr"},"aioseo_meta_data":{"post_id":"65343","title":null,"description":null,"keywords":null,"keyphrases":null,"primary_term":null,"canonical_url":null,"og_title":null,"og_description":null,"og_object_type":"default","og_image_type":"default","og_image_url":null,"og_image_width":null,"og_image_height":null,"og_image_custom_url":null,"og_image_custom_fields":null,"og_video":null,"og_custom_url":null,"og_article_section":null,"og_article_tags":null,"twitter_use_og":false,"twitter_card":"default","twitter_image_type":"default","twitter_image_url":null,"twitter_image_custom_url":null,"twitter_image_custom_fields":null,"twitter_title":null,"twitter_description":null,"schema":{"blockGraphs":[],"customGraphs":[],"default":{"data":{"Article":[],"Course":[],"Dataset":[],"FAQPage":[],"Movie":[],"Person":[],"Product":[],"ProductReview":[],"Car":[],"Recipe":[],"Service":[],"SoftwareApplication":[],"WebPage":[]},"graphName":"WebPage","isEnabled":true},"graphs":[]},"schema_type":"default","schema_type_options":null,"pillar_content":false,"robots_default":true,"robots_noindex":false,"robots_noarchive":false,"robots_nosnippet":false,"robots_nofollow":false,"robots_noimageindex":false,"robots_noodp":false,"robots_notranslate":false,"robots_max_snippet":null,"robots_max_videopreview":null,"robots_max_imagepreview":"large","priority":null,"frequency":null,"local_seo":null,"limit_modified_date":false,"created":"2024-08-11 16:44:44","updated":"2026-08-30 10:52:45","focus_keyword":null,"additional_keywords":null,"truseo_locale":null,"ai":null,"breadcrumb_settings":null,"seo_analyzer_scan_date":null},"aioseo_breadcrumb":"<div class=\"aioseo-breadcrumbs\"><span class=\"aioseo-breadcrumb\">\n\t\t\t<a href=\"https:\/\/mellos1986.com\/fr\/\" title=\"Home\">Home<\/a>\n\t\t<\/span><span class=\"aioseo-breadcrumb-separator\">&raquo;<\/span><span class=\"aioseo-breadcrumb\">\n\t\t\tL\u2019histoire de la Marque Mello\u2019s\n\t\t<\/span><\/div>","aioseo_breadcrumb_json":[{"label":"Home","link":"https:\/\/mellos1986.com\/fr\/"},{"label":"L\u2019histoire de la Marque Mello\u2019s","link":"https:\/\/mellos1986.com\/fr\/lhistoire-de-la-marque-mellos\/"}],"_links":{"self":[{"href":"https:\/\/mellos1986.com\/fr\/wp-json\/wp\/v2\/pages\/65343","targetHints":{"allow":["GET"]}}],"collection":[{"href":"https:\/\/mellos1986.com\/fr\/wp-json\/wp\/v2\/pages"}],"about":[{"href":"https:\/\/mellos1986.com\/fr\/wp-json\/wp\/v2\/types\/page"}],"author":[{"embeddable":true,"href":"https:\/\/mellos1986.com\/fr\/wp-json\/wp\/v2\/users\/13"}],"replies":[{"embeddable":true,"href":"https:\/\/mellos1986.com\/fr\/wp-json\/wp\/v2\/comments?post=65343"}],"version-history":[{"count":0,"href":"https:\/\/mellos1986.com\/fr\/wp-json\/wp\/v2\/pages\/65343\/revisions"}],"wp:attachment":[{"href":"https:\/\/mellos1986.com\/fr\/wp-json\/wp\/v2\/media?parent=65343"}],"curies":[{"name":"wp","href":"https:\/\/api.w.org\/{rel}","templated":true}]}}